{"id":664,"date":"2025-04-12T00:22:30","date_gmt":"2025-04-11T22:22:30","guid":{"rendered":"https:\/\/ycat.fr\/?page_id=664"},"modified":"2026-01-16T16:54:03","modified_gmt":"2026-01-16T15:54:03","slug":"bienvenue-chez-y-cat","status":"publish","type":"page","link":"https:\/\/ycat.fr\/","title":{"rendered":"Bienvenue chez Y-CAT"},"content":{"rendered":"<p>[et_pb_section fb_built=\u00a0\u00bb1&Prime; fullwidth=\u00a0\u00bbon\u00a0\u00bb _builder_version=\u00a0\u00bb4.27.4&Prime; _module_preset=\u00a0\u00bbdefault\u00a0\u00bb background_color=\u00a0\u00bb#000000&Prime; background_blend=\u00a0\u00bboverlay\u00a0\u00bb background_video_mp4=\u00a0\u00bbhttps:\/\/ycat.fr\/wp-content\/uploads\/2026\/01\/YCAT_v10_1.mp4&Prime; height=\u00a0\u00bb100vh\u00a0\u00bb custom_padding=\u00a0\u00bb80px||80px||true|false\u00a0\u00bb hover_enabled=\u00a0\u00bb0&Prime; custom_css_main_element=\u00a0\u00bbdisplay: flex;\u00a0\u00bb da_disable_devices=\u00a0\u00bboff|off|off\u00a0\u00bb global_colors_info=\u00a0\u00bb{}\u00a0\u00bb title_text=\u00a0\u00bbVid\u00e9o de pr\u00e9sentation\u00a0\u00bb sticky_enabled=\u00a0\u00bb0&Prime; da_is_popup=\u00a0\u00bboff\u00a0\u00bb da_exit_intent=\u00a0\u00bboff\u00a0\u00bb da_has_close=\u00a0\u00bbon\u00a0\u00bb da_alt_close=\u00a0\u00bboff\u00a0\u00bb da_dark_close=\u00a0\u00bboff\u00a0\u00bb da_not_modal=\u00a0\u00bbon\u00a0\u00bb da_is_singular=\u00a0\u00bboff\u00a0\u00bb da_with_loader=\u00a0\u00bboff\u00a0\u00bb da_has_shadow=\u00a0\u00bbon\u00a0\u00bb][et_pb_fullwidth_header title=\u00a0\u00bbVisi\u00e8re de protection ventil\u00e9e Y-CAT\u00a0\u00bb subhead=\u00a0\u00bbUn air sain pour chacun\u00a0\u00bb text_orientation=\u00a0\u00bbcenter\u00a0\u00bb _builder_version=\u00a0\u00bb4.27.4&Prime; _module_preset=\u00a0\u00bbdefault\u00a0\u00bb title_font=\u00a0\u00bbPoppins|800||on|||||\u00a0\u00bb title_text_color=\u00a0\u00bbRGBA(255,255,255,0)\u00a0\u00bb title_font_size=\u00a0\u00bb4em\u00a0\u00bb title_line_height=\u00a0\u00bb1.3em\u00a0\u00bb subhead_font=\u00a0\u00bbLato|300||on|||||\u00a0\u00bb subhead_text_color=\u00a0\u00bbRGBA(255,255,255,0)\u00a0\u00bb subhead_font_size=\u00a0\u00bb2em\u00a0\u00bb subhead_line_height=\u00a0\u00bb2em\u00a0\u00bb background_enable_color=\u00a0\u00bboff\u00a0\u00bb background_enable_video_mp4=\u00a0\u00bboff\u00a0\u00bb background_enable_video_webm=\u00a0\u00bboff\u00a0\u00bb width=\u00a0\u00bb100%\u00a0\u00bb module_alignment=\u00a0\u00bbcenter\u00a0\u00bb animation_style=\u00a0\u00bbfade\u00a0\u00bb hover_enabled=\u00a0\u00bb0&Prime; custom_css_main_element=\u00a0\u00bbmargin-top: auto;||margin-bottom: auto;\u00a0\u00bb global_colors_info=\u00a0\u00bb{}\u00a0\u00bb sticky_enabled=\u00a0\u00bb0&Prime;][\/et_pb_fullwidth_header][\/et_pb_section][et_pb_section fb_built=\u00a0\u00bb1&Prime; _builder_version=\u00a0\u00bb4.27.4&Prime; _module_preset=\u00a0\u00bbdefault\u00a0\u00bb background_color=\u00a0\u00bb#FFFFFF\u00a0\u00bb custom_padding=\u00a0\u00bb80px||80px||true|false\u00a0\u00bb da_disable_devices=\u00a0\u00bboff|off|off\u00a0\u00bb global_colors_info=\u00a0\u00bb{}\u00a0\u00bb da_is_popup=\u00a0\u00bboff\u00a0\u00bb da_exit_intent=\u00a0\u00bboff\u00a0\u00bb da_has_close=\u00a0\u00bbon\u00a0\u00bb da_alt_close=\u00a0\u00bboff\u00a0\u00bb da_dark_close=\u00a0\u00bboff\u00a0\u00bb da_not_modal=\u00a0\u00bbon\u00a0\u00bb da_is_singular=\u00a0\u00bboff\u00a0\u00bb da_with_loader=\u00a0\u00bboff\u00a0\u00bb da_has_shadow=\u00a0\u00bbon\u00a0\u00bb][et_pb_row _builder_version=\u00a0\u00bb4.27.4&Prime; _module_preset=\u00a0\u00bb49fc6742-ef5a-4c4d-8538-d61157af74dc\u00a0\u00bb animation_style=\u00a0\u00bbfade\u00a0\u00bb global_colors_info=\u00a0\u00bb{}\u00a0\u00bb][et_pb_column type=\u00a0\u00bb4_4&Prime; _builder_version=\u00a0\u00bb4.27.4&Prime; _module_preset=\u00a0\u00bbdefault\u00a0\u00bb global_colors_info=\u00a0\u00bb{}\u00a0\u00bb][et_pb_text _builder_version=\u00a0\u00bb4.27.4&Prime; _module_preset=\u00a0\u00bb69dd0e0c-6b67-4552-b53c-a222e54158ad\u00a0\u00bb header_text_color=\u00a0\u00bbgcid-9b2d3d66-e4e1-4fa1-9184-37e8e0f446f5&Prime; header_2_text_color=\u00a0\u00bbgcid-9b2d3d66-e4e1-4fa1-9184-37e8e0f446f5&Prime; text_orientation=\u00a0\u00bbcenter\u00a0\u00bb global_colors_info=\u00a0\u00bb{%22gcid-9b2d3d66-e4e1-4fa1-9184-37e8e0f446f5%22:%91%22header_text_color%22,%22header_2_text_color%22%93}\u00a0\u00bb]<\/p>\n<h2>Le projet Y-CAT<\/h2>\n<p>L\u2019aventure Y-CAT est inspir\u00e9e par les d\u00e9fis du quotidien observ\u00e9s par les fondateurs aupr\u00e8s de professionnels du BTP et de l&rsquo;industrie. Les masques actuellement propos\u00e9s sur le march\u00e9 manquent de confort, voire sont inadapt\u00e9s et impactent la performance de leurs porteurs. <span style=\"font-size: 15.4px;\">\u00a0<\/span><\/p>\n<p>Nous avons con\u00e7u une visi\u00e8re de protection ventil\u00e9e <span style=\"font-size: large;\"><strong>niveau P3<\/strong><\/span> qui allie technologie de pointe, <strong>confort<\/strong> in\u00e9gal\u00e9 et design moderne, afin que les utilisateurs n&rsquo;aient pas \u00e0 choisir entre sant\u00e9, r\u00e9glementation et exigence de <strong>performance<\/strong>. visYair, d\u00e9velopp\u00e9 par Y-CAT, est un \u00e9quipement pour la <strong>pr\u00e9vention de la sant\u00e9<\/strong> des travailleurs, mais aussi des personnes sensibles aux particules ou virus.<\/p>\n<p><strong><span style=\"font-size: large;\">Filtre 99,7 %<\/span> des particules<\/strong> jusqu&rsquo;\u00e0 0.3 micron.<\/p>\n<p>[\/et_pb_text][\/et_pb_column][\/et_pb_row][\/et_pb_section][et_pb_section fb_built=\u00a0\u00bb1&Prime; _builder_version=\u00a0\u00bb4.27.4&Prime; _module_preset=\u00a0\u00bbdefault\u00a0\u00bb background_color=\u00a0\u00bbgcid-9b2d3d66-e4e1-4fa1-9184-37e8e0f446f5&Prime; custom_padding=\u00a0\u00bb80px||80px||true|false\u00a0\u00bb da_disable_devices=\u00a0\u00bboff|off|off\u00a0\u00bb global_colors_info=\u00a0\u00bb{%22gcid-9b2d3d66-e4e1-4fa1-9184-37e8e0f446f5%22:%91%22background_color%22%93}\u00a0\u00bb da_is_popup=\u00a0\u00bboff\u00a0\u00bb da_exit_intent=\u00a0\u00bboff\u00a0\u00bb da_has_close=\u00a0\u00bbon\u00a0\u00bb da_alt_close=\u00a0\u00bboff\u00a0\u00bb da_dark_close=\u00a0\u00bboff\u00a0\u00bb da_not_modal=\u00a0\u00bbon\u00a0\u00bb da_is_singular=\u00a0\u00bboff\u00a0\u00bb da_with_loader=\u00a0\u00bboff\u00a0\u00bb da_has_shadow=\u00a0\u00bbon\u00a0\u00bb][et_pb_row column_structure=\u00a0\u00bb1_2,1_2&Prime; make_equal=\u00a0\u00bbon\u00a0\u00bb _builder_version=\u00a0\u00bb4.27.4&Prime; _module_preset=\u00a0\u00bb49fc6742-ef5a-4c4d-8538-d61157af74dc\u00a0\u00bb animation_style=\u00a0\u00bbslide\u00a0\u00bb animation_direction=\u00a0\u00bbright\u00a0\u00bb animation_duration=\u00a0\u00bb800ms\u00a0\u00bb animation_intensity_slide=\u00a0\u00bb20%\u00a0\u00bb global_colors_info=\u00a0\u00bb{}\u00a0\u00bb][et_pb_column type=\u00a0\u00bb1_2&Prime; _builder_version=\u00a0\u00bb4.27.4&Prime; _module_preset=\u00a0\u00bbdefault\u00a0\u00bb custom_css_main_element=\u00a0\u00bbmargin-top: auto;||margin-bottom: auto;\u00a0\u00bb global_colors_info=\u00a0\u00bb{}\u00a0\u00bb][et_pb_image src=\u00a0\u00bbhttps:\/\/ycat.fr\/wp-content\/uploads\/2025\/04\/lepine.png?_t=1744419979&Prime; title_text=\u00a0\u00bbCoucours L\u00e9pine\u00a0\u00bb align=\u00a0\u00bbcenter\u00a0\u00bb _builder_version=\u00a0\u00bb4.27.4&Prime; _module_preset=\u00a0\u00bbdefault\u00a0\u00bb global_colors_info=\u00a0\u00bb{}\u00a0\u00bb][\/et_pb_image][\/et_pb_column][et_pb_column type=\u00a0\u00bb1_2&Prime; _builder_version=\u00a0\u00bb4.27.4&Prime; _module_preset=\u00a0\u00bbdefault\u00a0\u00bb custom_css_main_element=\u00a0\u00bbmargin-top: auto;||margin-bottom: auto;\u00a0\u00bb global_colors_info=\u00a0\u00bb{}\u00a0\u00bb][et_pb_text _builder_version=\u00a0\u00bb4.27.4&Prime; _module_preset=\u00a0\u00bb69dd0e0c-6b67-4552-b53c-a222e54158ad\u00a0\u00bb text_text_color=\u00a0\u00bb#fafafa\u00a0\u00bb header_2_text_color=\u00a0\u00bb#FFFFFF\u00a0\u00bb module_alignment=\u00a0\u00bbcenter\u00a0\u00bb global_colors_info=\u00a0\u00bb{}\u00a0\u00bb]<\/p>\n<h2>M\u00e9daille d&rsquo;or et prix du public L\u00e9pine 2023<\/h2>\n<p>Laur\u00e9at du Concours L\u00e9pine, notre visi\u00e8re de protection ventil\u00e9e se distingue par son innovation et son design audacieux, gage de qualit\u00e9 et de fiabilit\u00e9.<\/p>\n<p>[\/et_pb_text][\/et_pb_column][\/et_pb_row][\/et_pb_section][et_pb_section fb_built=\u00a0\u00bb1&Prime; _builder_version=\u00a0\u00bb4.27.4&Prime; _module_preset=\u00a0\u00bbdefault\u00a0\u00bb custom_padding=\u00a0\u00bb80px||80px||true|false\u00a0\u00bb da_disable_devices=\u00a0\u00bboff|off|off\u00a0\u00bb global_colors_info=\u00a0\u00bb{}\u00a0\u00bb da_is_popup=\u00a0\u00bboff\u00a0\u00bb da_exit_intent=\u00a0\u00bboff\u00a0\u00bb da_has_close=\u00a0\u00bbon\u00a0\u00bb da_alt_close=\u00a0\u00bboff\u00a0\u00bb da_dark_close=\u00a0\u00bboff\u00a0\u00bb da_not_modal=\u00a0\u00bbon\u00a0\u00bb da_is_singular=\u00a0\u00bboff\u00a0\u00bb da_with_loader=\u00a0\u00bboff\u00a0\u00bb da_has_shadow=\u00a0\u00bbon\u00a0\u00bb][et_pb_row _builder_version=\u00a0\u00bb4.27.4&Prime; _module_preset=\u00a0\u00bb49fc6742-ef5a-4c4d-8538-d61157af74dc\u00a0\u00bb global_colors_info=\u00a0\u00bb{}\u00a0\u00bb][et_pb_column type=\u00a0\u00bb4_4&Prime; _builder_version=\u00a0\u00bb4.27.4&Prime; _module_preset=\u00a0\u00bbdefault\u00a0\u00bb global_colors_info=\u00a0\u00bb{}\u00a0\u00bb][et_pb_text _builder_version=\u00a0\u00bb4.27.4&Prime; _module_preset=\u00a0\u00bb69dd0e0c-6b67-4552-b53c-a222e54158ad\u00a0\u00bb header_2_text_color=\u00a0\u00bbgcid-9b2d3d66-e4e1-4fa1-9184-37e8e0f446f5&Prime; text_orientation=\u00a0\u00bbcenter\u00a0\u00bb animation_style=\u00a0\u00bbfade\u00a0\u00bb global_colors_info=\u00a0\u00bb{%22gcid-9b2d3d66-e4e1-4fa1-9184-37e8e0f446f5%22:%91%22header_2_text_color%22%93}\u00a0\u00bb]<\/p>\n<h2>L&rsquo;\u00e9quipe derri\u00e8re Y-CAT<\/h2>\n<p>Notre \u00e9quipe dynamique et passionn\u00e9e travaille jour apr\u00e8s jour pour transformer votre exp\u00e9rience de protection. Passez la souris sur chaque photo pour d\u00e9couvrir le parcours et le r\u00f4le de nos experts.<\/p>\n<p>[\/et_pb_text][\/et_pb_column][\/et_pb_row][et_pb_row column_structure=\u00a0\u00bb1_4,1_4,1_4,1_4&Prime; use_custom_gutter=\u00a0\u00bbon\u00a0\u00bb gutter_width=\u00a0\u00bb2&Prime; _builder_version=\u00a0\u00bb4.27.4&Prime; _module_preset=\u00a0\u00bb49fc6742-ef5a-4c4d-8538-d61157af74dc\u00a0\u00bb global_colors_info=\u00a0\u00bb{}\u00a0\u00bb][et_pb_column type=\u00a0\u00bb1_4&Prime; module_class=\u00a0\u00bbpa-text-button-over-image\u00a0\u00bb admin_label=\u00a0\u00bbJean-Yves\u00a0\u00bb _builder_version=\u00a0\u00bb4.27.4&Prime; _module_preset=\u00a0\u00bbdefault\u00a0\u00bb animation_style=\u00a0\u00bbslide\u00a0\u00bb animation_direction=\u00a0\u00bbleft\u00a0\u00bb animation_intensity_slide=\u00a0\u00bb40%\u00a0\u00bb animation_direction_tablet=\u00a0\u00bbright\u00a0\u00bb animation_direction_phone=\u00a0\u00bbleft\u00a0\u00bb animation_direction_last_edited=\u00a0\u00bbon|desktop\u00a0\u00bb global_colors_info=\u00a0\u00bb{}\u00a0\u00bb][et_pb_image src=\u00a0\u00bbhttps:\/\/ycat.fr\/wp-content\/uploads\/2025\/04\/ycat-profil-jean-yves-boulaye.jpg?_t=1759310758&Prime; title_text=\u00a0\u00bbJean-Yves Boulaye\u00a0\u00bb _builder_version=\u00a0\u00bb4.27.4&Prime; _module_preset=\u00a0\u00bbdefault\u00a0\u00bb border_radii=\u00a0\u00bbon|15px|15px|15px|15px\u00a0\u00bb global_colors_info=\u00a0\u00bb{}\u00a0\u00bb][\/et_pb_image][et_pb_cta title=\u00a0\u00bbJean-Yves Boulay\u00a0\u00bb button_url=\u00a0\u00bbhttps:\/\/www.linkedin.com\/in\/jean-yves-boulay-701930109\/\u00a0\u00bb url_new_window=\u00a0\u00bbon\u00a0\u00bb button_text=\u00a0\u00bbLinkedIn\u00a0\u00bb _builder_version=\u00a0\u00bb4.27.4&Prime; _module_preset=\u00a0\u00bbdefault\u00a0\u00bb header_font=\u00a0\u00bb|700|||||||\u00a0\u00bb background_enable_color=\u00a0\u00bboff\u00a0\u00bb global_colors_info=\u00a0\u00bb{}\u00a0\u00bb]<\/p>\n<p><strong>Fondateur<\/strong><\/p>\n<p><span>30 ans d\u2019exp\u00e9rience\u00a0 <\/span><span>dans le domaine pharmaceutique, le naval, et le <\/span><span>nucl\u00e9aire<\/span><\/p>\n<p>[\/et_pb_cta][\/et_pb_column][et_pb_column type=\u00a0\u00bb1_4&Prime; module_class=\u00a0\u00bbpa-text-button-over-image\u00a0\u00bb admin_label=\u00a0\u00bbTymoth\u00e9\u00a0\u00bb _builder_version=\u00a0\u00bb4.27.4&Prime; _module_preset=\u00a0\u00bbdefault\u00a0\u00bb animation_style=\u00a0\u00bbslide\u00a0\u00bb animation_direction=\u00a0\u00bbtop\u00a0\u00bb animation_intensity_slide=\u00a0\u00bb40%\u00a0\u00bb animation_direction_tablet=\u00a0\u00bbleft\u00a0\u00bb animation_direction_phone=\u00a0\u00bbright\u00a0\u00bb animation_direction_last_edited=\u00a0\u00bbon|phone\u00a0\u00bb global_colors_info=\u00a0\u00bb{}\u00a0\u00bb][et_pb_image src=\u00a0\u00bbhttps:\/\/ycat.fr\/wp-content\/uploads\/2025\/04\/ycat-profil-tymothe-lemaitre.jpg?_t=1759310770&Prime; title_text=\u00a0\u00bbTymoth\u00e9 Lemaitre\u00a0\u00bb _builder_version=\u00a0\u00bb4.27.4&Prime; _module_preset=\u00a0\u00bbdefault\u00a0\u00bb border_radii=\u00a0\u00bbon|15px|15px|15px|15px\u00a0\u00bb global_colors_info=\u00a0\u00bb{}\u00a0\u00bb][\/et_pb_image][et_pb_cta title=\u00a0\u00bbTymoth\u00e9 Lemaitre\u00a0\u00bb button_url=\u00a0\u00bbhttps:\/\/www.linkedin.com\/in\/tymoth%C3%A9-lemaitre-937456206\/\u00a0\u00bb url_new_window=\u00a0\u00bbon\u00a0\u00bb button_text=\u00a0\u00bbLinkedIn\u00a0\u00bb _builder_version=\u00a0\u00bb4.27.4&Prime; _module_preset=\u00a0\u00bbdefault\u00a0\u00bb header_font=\u00a0\u00bb|700|||||||\u00a0\u00bb background_enable_color=\u00a0\u00bboff\u00a0\u00bb global_colors_info=\u00a0\u00bb{}\u00a0\u00bb]<\/p>\n<p><strong>Co-fondateur<\/strong><\/p>\n<p>Chef produits et projets<\/p>\n<p>[\/et_pb_cta][\/et_pb_column][et_pb_column type=\u00a0\u00bb1_4&Prime; module_class=\u00a0\u00bbpa-text-button-over-image\u00a0\u00bb admin_label=\u00a0\u00bbSt\u00e9phane\u00a0\u00bb _builder_version=\u00a0\u00bb4.27.4&Prime; _module_preset=\u00a0\u00bbdefault\u00a0\u00bb animation_style=\u00a0\u00bbslide\u00a0\u00bb animation_direction=\u00a0\u00bbbottom\u00a0\u00bb animation_intensity_slide=\u00a0\u00bb40%\u00a0\u00bb animation_direction_tablet=\u00a0\u00bbbottom\u00a0\u00bb animation_direction_phone=\u00a0\u00bbleft\u00a0\u00bb animation_direction_last_edited=\u00a0\u00bbon|phone\u00a0\u00bb global_colors_info=\u00a0\u00bb{}\u00a0\u00bb][et_pb_image src=\u00a0\u00bbhttps:\/\/ycat.fr\/wp-content\/uploads\/2025\/04\/ycat-profil-stephane-seguret.jpg?_t=1759310780&Prime; title_text=\u00a0\u00bbSt\u00e9phane S\u00e9guret\u00a0\u00bb _builder_version=\u00a0\u00bb4.27.4&Prime; _module_preset=\u00a0\u00bbdefault\u00a0\u00bb border_radii=\u00a0\u00bbon|15px|15px|15px|15px\u00a0\u00bb global_colors_info=\u00a0\u00bb{}\u00a0\u00bb][\/et_pb_image][et_pb_cta title=\u00a0\u00bbSt\u00e9phane S\u00e9guret\u00a0\u00bb button_url=\u00a0\u00bbhttps:\/\/www.linkedin.com\/in\/stephane-seguret\/\u00a0\u00bb url_new_window=\u00a0\u00bbon\u00a0\u00bb button_text=\u00a0\u00bbLinkedIn\u00a0\u00bb _builder_version=\u00a0\u00bb4.27.4&Prime; _module_preset=\u00a0\u00bbdefault\u00a0\u00bb header_font=\u00a0\u00bb|700|||||||\u00a0\u00bb background_enable_color=\u00a0\u00bboff\u00a0\u00bb global_colors_info=\u00a0\u00bb{}\u00a0\u00bb]<\/p>\n<p><strong>Directeur Administratif et Financier<\/strong><span><\/span><\/p>\n<p>[\/et_pb_cta][\/et_pb_column][et_pb_column type=\u00a0\u00bb1_4&Prime; module_class=\u00a0\u00bbpa-text-button-over-image\u00a0\u00bb admin_label=\u00a0\u00bbGr\u00e9gory\u00a0\u00bb _builder_version=\u00a0\u00bb4.27.4&Prime; _module_preset=\u00a0\u00bbdefault\u00a0\u00bb animation_style=\u00a0\u00bbslide\u00a0\u00bb animation_direction=\u00a0\u00bbright\u00a0\u00bb animation_intensity_slide=\u00a0\u00bb40%\u00a0\u00bb animation_direction_tablet=\u00a0\u00bbright\u00a0\u00bb animation_direction_phone=\u00a0\u00bbright\u00a0\u00bb animation_direction_last_edited=\u00a0\u00bbon|phone\u00a0\u00bb global_colors_info=\u00a0\u00bb{}\u00a0\u00bb][et_pb_image src=\u00a0\u00bbhttps:\/\/ycat.fr\/wp-content\/uploads\/2025\/04\/ycat-profil-gregory-pouilly.jpg?_t=1759310938&Prime; title_text=\u00a0\u00bbGr\u00e9gory pouilly\u00a0\u00bb _builder_version=\u00a0\u00bb4.27.4&Prime; _module_preset=\u00a0\u00bbdefault\u00a0\u00bb border_radii=\u00a0\u00bbon|15px|15px|15px|15px\u00a0\u00bb global_colors_info=\u00a0\u00bb{}\u00a0\u00bb][\/et_pb_image][et_pb_cta title=\u00a0\u00bbGr\u00e9gory Pouilly\u00a0\u00bb button_url=\u00a0\u00bbhttps:\/\/www.linkedin.com\/in\/gpouilly\/\u00a0\u00bb url_new_window=\u00a0\u00bbon\u00a0\u00bb button_text=\u00a0\u00bbLinkedIn\u00a0\u00bb _builder_version=\u00a0\u00bb4.27.4&Prime; _module_preset=\u00a0\u00bbdefault\u00a0\u00bb header_font=\u00a0\u00bb|700|||||||\u00a0\u00bb background_enable_color=\u00a0\u00bboff\u00a0\u00bb global_colors_info=\u00a0\u00bb{}\u00a0\u00bb]<\/p>\n<p><b>Logistique et distribution d&rsquo;EPI<\/b><\/p>\n<p>[\/et_pb_cta][\/et_pb_column][\/et_pb_row][\/et_pb_section][et_pb_section fb_built=\u00a0\u00bb1&Prime; _builder_version=\u00a0\u00bb4.27.4&Prime; _module_preset=\u00a0\u00bbdefault\u00a0\u00bb background_color=\u00a0\u00bbgcid-9b2d3d66-e4e1-4fa1-9184-37e8e0f446f5&Prime; custom_padding=\u00a0\u00bb80px||80px||true|false\u00a0\u00bb da_disable_devices=\u00a0\u00bboff|off|off\u00a0\u00bb global_colors_info=\u00a0\u00bb{%22gcid-9b2d3d66-e4e1-4fa1-9184-37e8e0f446f5%22:%91%22background_color%22%93}\u00a0\u00bb da_is_popup=\u00a0\u00bboff\u00a0\u00bb da_exit_intent=\u00a0\u00bboff\u00a0\u00bb da_has_close=\u00a0\u00bbon\u00a0\u00bb da_alt_close=\u00a0\u00bboff\u00a0\u00bb da_dark_close=\u00a0\u00bboff\u00a0\u00bb da_not_modal=\u00a0\u00bbon\u00a0\u00bb da_is_singular=\u00a0\u00bboff\u00a0\u00bb da_with_loader=\u00a0\u00bboff\u00a0\u00bb da_has_shadow=\u00a0\u00bbon\u00a0\u00bb][et_pb_row column_structure=\u00a0\u00bb1_5,1_5,1_5,1_5,1_5&Prime; _builder_version=\u00a0\u00bb4.27.4&Prime; _module_preset=\u00a0\u00bb49fc6742-ef5a-4c4d-8538-d61157af74dc\u00a0\u00bb global_colors_info=\u00a0\u00bb{}\u00a0\u00bb][et_pb_column type=\u00a0\u00bb1_5&Prime; _builder_version=\u00a0\u00bb4.27.4&Prime; _module_preset=\u00a0\u00bbdefault\u00a0\u00bb animation_style=\u00a0\u00bbslide\u00a0\u00bb animation_direction=\u00a0\u00bbbottom\u00a0\u00bb global_colors_info=\u00a0\u00bb{}\u00a0\u00bb][et_pb_icon font_icon=\u00a0\u00bbagsdix-fa6s fa-shield||fa||400&Prime; icon_color=\u00a0\u00bb#FFFFFF\u00a0\u00bb _builder_version=\u00a0\u00bb4.27.4&Prime; _module_preset=\u00a0\u00bbdefault\u00a0\u00bb global_colors_info=\u00a0\u00bb{}\u00a0\u00bb][\/et_pb_icon][et_pb_text _builder_version=\u00a0\u00bb4.27.4&Prime; _module_preset=\u00a0\u00bb69dd0e0c-6b67-4552-b53c-a222e54158ad\u00a0\u00bb text_text_color=\u00a0\u00bb#fafafa\u00a0\u00bb text_orientation=\u00a0\u00bbcenter\u00a0\u00bb global_colors_info=\u00a0\u00bb{}\u00a0\u00bb]<\/p>\n<p>Une tr\u00e8s bonne protection respiratoire, mais aussi des yeux et du visage<\/p>\n<p>[\/et_pb_text][\/et_pb_column][et_pb_column type=\u00a0\u00bb1_5&Prime; _builder_version=\u00a0\u00bb4.27.4&Prime; _module_preset=\u00a0\u00bbdefault\u00a0\u00bb animation_style=\u00a0\u00bbslide\u00a0\u00bb animation_direction=\u00a0\u00bbbottom\u00a0\u00bb animation_delay=\u00a0\u00bb200ms\u00a0\u00bb global_colors_info=\u00a0\u00bb{}\u00a0\u00bb][et_pb_icon font_icon=\u00a0\u00bbagsdix-fa6s fa-feather||fa||400&Prime; icon_color=\u00a0\u00bb#FFFFFF\u00a0\u00bb _builder_version=\u00a0\u00bb4.27.4&Prime; _module_preset=\u00a0\u00bbdefault\u00a0\u00bb global_colors_info=\u00a0\u00bb{}\u00a0\u00bb][\/et_pb_icon][et_pb_text _builder_version=\u00a0\u00bb4.27.4&Prime; _module_preset=\u00a0\u00bb69dd0e0c-6b67-4552-b53c-a222e54158ad\u00a0\u00bb text_text_color=\u00a0\u00bb#fafafa\u00a0\u00bb text_orientation=\u00a0\u00bbcenter\u00a0\u00bb global_colors_info=\u00a0\u00bb{}\u00a0\u00bb]<\/p>\n<p>Une l\u00e9g\u00e8ret\u00e9 appr\u00e9ci\u00e9e de tous (seulement 550g)<\/p>\n<p>[\/et_pb_text][\/et_pb_column][et_pb_column type=\u00a0\u00bb1_5&Prime; _builder_version=\u00a0\u00bb4.27.4&Prime; _module_preset=\u00a0\u00bbdefault\u00a0\u00bb animation_style=\u00a0\u00bbslide\u00a0\u00bb animation_direction=\u00a0\u00bbbottom\u00a0\u00bb animation_delay=\u00a0\u00bb400ms\u00a0\u00bb global_colors_info=\u00a0\u00bb{}\u00a0\u00bb][et_pb_icon font_icon=\u00a0\u00bbagsdix-fa6s fa-eye||fa||400&Prime; icon_color=\u00a0\u00bb#FFFFFF\u00a0\u00bb _builder_version=\u00a0\u00bb4.27.4&Prime; _module_preset=\u00a0\u00bbdefault\u00a0\u00bb global_colors_info=\u00a0\u00bb{}\u00a0\u00bb][\/et_pb_icon][et_pb_text _builder_version=\u00a0\u00bb4.27.4&Prime; _module_preset=\u00a0\u00bb69dd0e0c-6b67-4552-b53c-a222e54158ad\u00a0\u00bb text_text_color=\u00a0\u00bb#fafafa\u00a0\u00bb text_orientation=\u00a0\u00bbcenter\u00a0\u00bb global_colors_info=\u00a0\u00bb{}\u00a0\u00bb]<\/p>\n<p>Une excellente vision \u00e0 180\u00b0, avec une bonne communication des sourires et des \u00e9motions<\/p>\n<p>[\/et_pb_text][\/et_pb_column][et_pb_column type=\u00a0\u00bb1_5&Prime; _builder_version=\u00a0\u00bb4.27.4&Prime; _module_preset=\u00a0\u00bbdefault\u00a0\u00bb animation_style=\u00a0\u00bbslide\u00a0\u00bb animation_direction=\u00a0\u00bbbottom\u00a0\u00bb animation_delay=\u00a0\u00bb600ms\u00a0\u00bb global_colors_info=\u00a0\u00bb{}\u00a0\u00bb][et_pb_icon font_icon=\u00a0\u00bbagsdix-fa6s fa-screwdriver-wrench||fa||400&Prime; icon_color=\u00a0\u00bb#FFFFFF\u00a0\u00bb _builder_version=\u00a0\u00bb4.27.4&Prime; _module_preset=\u00a0\u00bbdefault\u00a0\u00bb global_colors_info=\u00a0\u00bb{}\u00a0\u00bb][\/et_pb_icon][et_pb_text _builder_version=\u00a0\u00bb4.27.4&Prime; _module_preset=\u00a0\u00bb69dd0e0c-6b67-4552-b53c-a222e54158ad\u00a0\u00bb text_text_color=\u00a0\u00bb#fafafa\u00a0\u00bb text_orientation=\u00a0\u00bbcenter\u00a0\u00bb global_colors_info=\u00a0\u00bb{}\u00a0\u00bb]<\/p>\n<p>Une maintenance facilit\u00e9, avec une gestion plus durable des consommables<\/p>\n<p>[\/et_pb_text][\/et_pb_column][et_pb_column type=\u00a0\u00bb1_5&Prime; _builder_version=\u00a0\u00bb4.27.4&Prime; _module_preset=\u00a0\u00bbdefault\u00a0\u00bb animation_style=\u00a0\u00bbslide\u00a0\u00bb animation_direction=\u00a0\u00bbbottom\u00a0\u00bb animation_delay=\u00a0\u00bb800ms\u00a0\u00bb global_colors_info=\u00a0\u00bb{}\u00a0\u00bb][et_pb_icon font_icon=\u00a0\u00bbagsdix-fa6s fa-fan||fa||400&Prime; icon_color=\u00a0\u00bb#FFFFFF\u00a0\u00bb _builder_version=\u00a0\u00bb4.27.4&Prime; _module_preset=\u00a0\u00bbdefault\u00a0\u00bb global_colors_info=\u00a0\u00bb{}\u00a0\u00bb][\/et_pb_icon][et_pb_text _builder_version=\u00a0\u00bb4.27.4&Prime; _module_preset=\u00a0\u00bb69dd0e0c-6b67-4552-b53c-a222e54158ad\u00a0\u00bb text_text_color=\u00a0\u00bb#fafafa\u00a0\u00bb text_orientation=\u00a0\u00bbcenter\u00a0\u00bb global_colors_info=\u00a0\u00bb{}\u00a0\u00bb]<\/p>\n<p>Un air frais et agr\u00e9able, qui donne un sentiment de mieux respirer<\/p>\n<p>[\/et_pb_text][\/et_pb_column][\/et_pb_row][\/et_pb_section][et_pb_section fb_built=\u00a0\u00bb1&Prime; _builder_version=\u00a0\u00bb4.27.4&Prime; _module_preset=\u00a0\u00bbdefault\u00a0\u00bb custom_padding=\u00a0\u00bb80px||80px||true|false\u00a0\u00bb da_disable_devices=\u00a0\u00bboff|off|off\u00a0\u00bb global_colors_info=\u00a0\u00bb{}\u00a0\u00bb da_is_popup=\u00a0\u00bboff\u00a0\u00bb da_exit_intent=\u00a0\u00bboff\u00a0\u00bb da_has_close=\u00a0\u00bbon\u00a0\u00bb da_alt_close=\u00a0\u00bboff\u00a0\u00bb da_dark_close=\u00a0\u00bboff\u00a0\u00bb da_not_modal=\u00a0\u00bbon\u00a0\u00bb da_is_singular=\u00a0\u00bboff\u00a0\u00bb da_with_loader=\u00a0\u00bboff\u00a0\u00bb da_has_shadow=\u00a0\u00bbon\u00a0\u00bb][et_pb_row _builder_version=\u00a0\u00bb4.27.4&Prime; _module_preset=\u00a0\u00bb49fc6742-ef5a-4c4d-8538-d61157af74dc\u00a0\u00bb animation_style=\u00a0\u00bbfade\u00a0\u00bb global_colors_info=\u00a0\u00bb{}\u00a0\u00bb][et_pb_column type=\u00a0\u00bb4_4&Prime; _builder_version=\u00a0\u00bb4.27.4&Prime; _module_preset=\u00a0\u00bbdefault\u00a0\u00bb global_colors_info=\u00a0\u00bb{}\u00a0\u00bb][et_pb_text _builder_version=\u00a0\u00bb4.27.4&Prime; _module_preset=\u00a0\u00bb69dd0e0c-6b67-4552-b53c-a222e54158ad\u00a0\u00bb header_text_color=\u00a0\u00bbgcid-9b2d3d66-e4e1-4fa1-9184-37e8e0f446f5&Prime; header_2_text_color=\u00a0\u00bbgcid-9b2d3d66-e4e1-4fa1-9184-37e8e0f446f5&Prime; text_orientation=\u00a0\u00bbcenter\u00a0\u00bb global_colors_info=\u00a0\u00bb{%22gcid-9b2d3d66-e4e1-4fa1-9184-37e8e0f446f5%22:%91%22header_text_color%22,%22header_2_text_color%22%93}\u00a0\u00bb]<\/p>\n<h2>Applications possibles<\/h2>\n<p>Adapt\u00e9e \u00e0 une multitude d\u2019environnements, <strong>visYair<\/strong> se distingue par son efficacit\u00e9 et son confort, partout o\u00f9 vous en avez besoin.<\/p>\n<p>[\/et_pb_text][\/et_pb_column][\/et_pb_row][et_pb_row column_structure=\u00a0\u00bb1_2,1_2&Prime; _builder_version=\u00a0\u00bb4.27.4&Prime; _module_preset=\u00a0\u00bb49fc6742-ef5a-4c4d-8538-d61157af74dc\u00a0\u00bb global_colors_info=\u00a0\u00bb{}\u00a0\u00bb][et_pb_column type=\u00a0\u00bb1_2&Prime; _builder_version=\u00a0\u00bb4.27.4&Prime; _module_preset=\u00a0\u00bbdefault\u00a0\u00bb animation_style=\u00a0\u00bbslide\u00a0\u00bb animation_direction=\u00a0\u00bbleft\u00a0\u00bb animation_duration=\u00a0\u00bb800ms\u00a0\u00bb global_colors_info=\u00a0\u00bb{}\u00a0\u00bb][et_pb_icon font_icon=\u00a0\u00bbagsdix-fa6s fa-industry||fa||400&Prime; icon_color=\u00a0\u00bb#363965&Prime; _builder_version=\u00a0\u00bb4.27.4&Prime; _module_preset=\u00a0\u00bbdefault\u00a0\u00bb global_colors_info=\u00a0\u00bb{}\u00a0\u00bb][\/et_pb_icon][et_pb_text _builder_version=\u00a0\u00bb4.27.4&Prime; _module_preset=\u00a0\u00bb69dd0e0c-6b67-4552-b53c-a222e54158ad\u00a0\u00bb text_orientation=\u00a0\u00bbcenter\u00a0\u00bb global_colors_info=\u00a0\u00bb{}\u00a0\u00bb]<\/p>\n<p>Id\u00e9ale pour le BTP et l&rsquo;industrie<\/p>\n<p>[\/et_pb_text][\/et_pb_column][et_pb_column type=\u00a0\u00bb1_2&Prime; _builder_version=\u00a0\u00bb4.27.4&Prime; _module_preset=\u00a0\u00bbdefault\u00a0\u00bb animation_style=\u00a0\u00bbslide\u00a0\u00bb animation_direction=\u00a0\u00bbbottom\u00a0\u00bb animation_duration=\u00a0\u00bb800ms\u00a0\u00bb animation_delay=\u00a0\u00bb200ms\u00a0\u00bb global_colors_info=\u00a0\u00bb{}\u00a0\u00bb][et_pb_icon font_icon=\u00a0\u00bbagsdix-fa6s fa-people-line||fa||400&Prime; icon_color=\u00a0\u00bb#363965&Prime; _builder_version=\u00a0\u00bb4.27.4&Prime; _module_preset=\u00a0\u00bbdefault\u00a0\u00bb global_colors_info=\u00a0\u00bb{}\u00a0\u00bb][\/et_pb_icon][et_pb_text _builder_version=\u00a0\u00bb4.27.4&Prime; _module_preset=\u00a0\u00bb69dd0e0c-6b67-4552-b53c-a222e54158ad\u00a0\u00bb text_orientation=\u00a0\u00bbcenter\u00a0\u00bb global_colors_info=\u00a0\u00bb{}\u00a0\u00bb]<\/p>\n<p>Efficace pour les personnes ayant une sant\u00e9 respiratoire sensibles \u00e0 la qualit\u00e9 de l&rsquo;air (particules, pollution, allerg\u00e8nes et virus)<\/p>\n<p>[\/et_pb_text][\/et_pb_column][\/et_pb_row][\/et_pb_section][et_pb_section fb_built=\u00a0\u00bb1&Prime; _builder_version=\u00a0\u00bb4.27.4&Prime; _module_preset=\u00a0\u00bbdefault\u00a0\u00bb background_color=\u00a0\u00bbgcid-9b2d3d66-e4e1-4fa1-9184-37e8e0f446f5&Prime; custom_padding=\u00a0\u00bb30px||30px||true|false\u00a0\u00bb da_disable_devices=\u00a0\u00bboff|off|off\u00a0\u00bb global_colors_info=\u00a0\u00bb{%22gcid-9b2d3d66-e4e1-4fa1-9184-37e8e0f446f5%22:%91%22background_color%22%93}\u00a0\u00bb da_is_popup=\u00a0\u00bboff\u00a0\u00bb da_exit_intent=\u00a0\u00bboff\u00a0\u00bb da_has_close=\u00a0\u00bbon\u00a0\u00bb da_alt_close=\u00a0\u00bboff\u00a0\u00bb da_dark_close=\u00a0\u00bboff\u00a0\u00bb da_not_modal=\u00a0\u00bbon\u00a0\u00bb da_is_singular=\u00a0\u00bboff\u00a0\u00bb da_with_loader=\u00a0\u00bboff\u00a0\u00bb da_has_shadow=\u00a0\u00bbon\u00a0\u00bb][et_pb_row _builder_version=\u00a0\u00bb4.27.4&Prime; _module_preset=\u00a0\u00bb49fc6742-ef5a-4c4d-8538-d61157af74dc\u00a0\u00bb global_colors_info=\u00a0\u00bb{}\u00a0\u00bb][et_pb_column type=\u00a0\u00bb4_4&Prime; _builder_version=\u00a0\u00bb4.27.4&Prime; _module_preset=\u00a0\u00bbdefault\u00a0\u00bb global_colors_info=\u00a0\u00bb{}\u00a0\u00bb][et_pb_text _builder_version=\u00a0\u00bb4.27.4&Prime; _module_preset=\u00a0\u00bb69dd0e0c-6b67-4552-b53c-a222e54158ad\u00a0\u00bb text_text_color=\u00a0\u00bb#fafafa\u00a0\u00bb text_orientation=\u00a0\u00bbcenter\u00a0\u00bb animation_style=\u00a0\u00bbfade\u00a0\u00bb global_colors_info=\u00a0\u00bb{}\u00a0\u00bb]<\/p>\n<p>Pr\u00eat(e) \u00e0 vivre l\u2019exp\u00e9rience YCAT ? Commandez d\u00e8s maintenant votre visi\u00e8re de protection ventil\u00e9e et profitez d\u2019un air sain, o\u00f9 que vous soyez.<\/p>\n<p>[\/et_pb_text][et_pb_button button_url=\u00a0\u00bb@ET-DC@eyJkeW5hbWljIjp0cnVlLCJjb250ZW50IjoicG9zdF9saW5rX3VybF9wYWdlIiwic2V0dGluZ3MiOnsicG9zdF9pZCI6IjU4MyJ9fQ==@\u00a0\u00bb button_text=\u00a0\u00bbVoir la page de pr\u00e9commande\u00a0\u00bb button_alignment=\u00a0\u00bbcenter\u00a0\u00bb _builder_version=\u00a0\u00bb4.27.4&Prime; _dynamic_attributes=\u00a0\u00bbbutton_url\u00a0\u00bb _module_preset=\u00a0\u00bbdefault\u00a0\u00bb custom_button=\u00a0\u00bbon\u00a0\u00bb button_text_color=\u00a0\u00bbgcid-9b2d3d66-e4e1-4fa1-9184-37e8e0f446f5&Prime; button_bg_color=\u00a0\u00bb#FFFFFF\u00a0\u00bb button_border_width=\u00a0\u00bb0px\u00a0\u00bb button_border_radius=\u00a0\u00bb10px\u00a0\u00bb button_font=\u00a0\u00bbLato||||||||\u00a0\u00bb button_icon=\u00a0\u00bb&#x45;||divi||400&Prime; button_icon_color=\u00a0\u00bbgcid-9b2d3d66-e4e1-4fa1-9184-37e8e0f446f5&Prime; animation_style=\u00a0\u00bbslide\u00a0\u00bb global_colors_info=\u00a0\u00bb{%22gcid-9b2d3d66-e4e1-4fa1-9184-37e8e0f446f5%22:%91%22button_icon_color%22,%22button_text_color%22%93}\u00a0\u00bb button_icon_color__hover_enabled=\u00a0\u00bbon|hover\u00a0\u00bb button_icon_color__hover=\u00a0\u00bb#fafafa\u00a0\u00bb button_text_color__hover_enabled=\u00a0\u00bbon|desktop\u00a0\u00bb button_text_color__hover=\u00a0\u00bb#fafafa\u00a0\u00bb button_bg_color__hover_enabled=\u00a0\u00bbon|hover\u00a0\u00bb button_bg_color__hover=\u00a0\u00bbRGBA(255,255,255,0)\u00a0\u00bb button_bg_enable_color__hover=\u00a0\u00bbon\u00a0\u00bb][\/et_pb_button][\/et_pb_column][\/et_pb_row][\/et_pb_section]<\/p>\n","protected":false},"excerpt":{"rendered":"<p>Le projet Y-CAT L\u2019aventure Y-CAT est inspir\u00e9e par les d\u00e9fis du quotidien observ\u00e9s par les fondateurs aupr\u00e8s de professionnels du BTP et de l&rsquo;industrie. Les masques actuellement propos\u00e9s sur le march\u00e9 manquent de confort, voire sont inadapt\u00e9s et impactent la performance de leurs porteurs. \u00a0 Nous avons con\u00e7u une visi\u00e8re de protection ventil\u00e9e niveau P3 [&hellip;]<\/p>\n","protected":false},"author":2,"featured_media":0,"parent":0,"menu_order":0,"comment_status":"closed","ping_status":"closed","template":"","meta":{"_et_pb_use_builder":"on","_et_pb_old_content":"","_et_gb_content_width":"","content-type":"","footnotes":""},"class_list":["post-664","page","type-page","status-publish","hentry"],"yoast_head":"<!-- This site is optimized with the Yoast SEO plugin v27.4 - https:\/\/yoast.com\/product\/yoast-seo-wordpress\/ -->\n<title>Bienvenue chez Y-CAT - Y-CAT<\/title>\n<meta name=\"robots\" content=\"index, follow, max-snippet:-1, max-image-preview:large, max-video-preview:-1\" \/>\n<link rel=\"canonical\" href=\"https:\/\/ycat.fr\/\" \/>\n<meta property=\"og:locale\" content=\"fr_FR\" \/>\n<meta property=\"og:type\" content=\"article\" \/>\n<meta property=\"og:title\" content=\"Bienvenue chez Y-CAT - Y-CAT\" \/>\n<meta property=\"og:description\" content=\"Le projet Y-CAT L\u2019aventure Y-CAT est inspir\u00e9e par les d\u00e9fis du quotidien observ\u00e9s par les fondateurs aupr\u00e8s de professionnels du BTP et de l&#039;industrie. Les masques actuellement propos\u00e9s sur le march\u00e9 manquent de confort, voire sont inadapt\u00e9s et impactent la performance de leurs porteurs. \u00a0 Nous avons con\u00e7u une visi\u00e8re de protection ventil\u00e9e niveau P3 [&hellip;]\" \/>\n<meta property=\"og:url\" content=\"https:\/\/ycat.fr\/\" \/>\n<meta property=\"og:site_name\" content=\"Y-CAT\" \/>\n<meta property=\"article:modified_time\" content=\"2026-01-16T15:54:03+00:00\" \/>\n<meta name=\"twitter:card\" content=\"summary_large_image\" \/>\n<script type=\"application\/ld+json\" class=\"yoast-schema-graph\">{\"@context\":\"https:\\\/\\\/schema.org\",\"@graph\":[{\"@type\":\"WebPage\",\"@id\":\"https:\\\/\\\/ycat.fr\\\/\",\"url\":\"https:\\\/\\\/ycat.fr\\\/\",\"name\":\"Bienvenue chez Y-CAT - Y-CAT\",\"isPartOf\":{\"@id\":\"https:\\\/\\\/ycat.fr\\\/#website\"},\"datePublished\":\"2025-04-11T22:22:30+00:00\",\"dateModified\":\"2026-01-16T15:54:03+00:00\",\"breadcrumb\":{\"@id\":\"https:\\\/\\\/ycat.fr\\\/#breadcrumb\"},\"inLanguage\":\"fr-FR\",\"potentialAction\":[{\"@type\":\"ReadAction\",\"target\":[\"https:\\\/\\\/ycat.fr\\\/\"]}]},{\"@type\":\"BreadcrumbList\",\"@id\":\"https:\\\/\\\/ycat.fr\\\/#breadcrumb\",\"itemListElement\":[{\"@type\":\"ListItem\",\"position\":1,\"name\":\"Home\",\"item\":\"https:\\\/\\\/ycat.fr\\\/\"},{\"@type\":\"ListItem\",\"position\":2,\"name\":\"Bienvenue chez Y-CAT\"}]},{\"@type\":\"WebSite\",\"@id\":\"https:\\\/\\\/ycat.fr\\\/#website\",\"url\":\"https:\\\/\\\/ycat.fr\\\/\",\"name\":\"Y-CAT\",\"description\":\"\",\"potentialAction\":[{\"@type\":\"SearchAction\",\"target\":{\"@type\":\"EntryPoint\",\"urlTemplate\":\"https:\\\/\\\/ycat.fr\\\/?s={search_term_string}\"},\"query-input\":{\"@type\":\"PropertyValueSpecification\",\"valueRequired\":true,\"valueName\":\"search_term_string\"}}],\"inLanguage\":\"fr-FR\"}]}<\/script>\n<!-- \/ Yoast SEO plugin. -->","yoast_head_json":{"title":"Bienvenue chez Y-CAT - Y-CAT","robots":{"index":"index","follow":"follow","max-snippet":"max-snippet:-1","max-image-preview":"max-image-preview:large","max-video-preview":"max-video-preview:-1"},"canonical":"https:\/\/ycat.fr\/","og_locale":"fr_FR","og_type":"article","og_title":"Bienvenue chez Y-CAT - Y-CAT","og_description":"Le projet Y-CAT L\u2019aventure Y-CAT est inspir\u00e9e par les d\u00e9fis du quotidien observ\u00e9s par les fondateurs aupr\u00e8s de professionnels du BTP et de l'industrie. Les masques actuellement propos\u00e9s sur le march\u00e9 manquent de confort, voire sont inadapt\u00e9s et impactent la performance de leurs porteurs. \u00a0 Nous avons con\u00e7u une visi\u00e8re de protection ventil\u00e9e niveau P3 [&hellip;]","og_url":"https:\/\/ycat.fr\/","og_site_name":"Y-CAT","article_modified_time":"2026-01-16T15:54:03+00:00","twitter_card":"summary_large_image","schema":{"@context":"https:\/\/schema.org","@graph":[{"@type":"WebPage","@id":"https:\/\/ycat.fr\/","url":"https:\/\/ycat.fr\/","name":"Bienvenue chez Y-CAT - Y-CAT","isPartOf":{"@id":"https:\/\/ycat.fr\/#website"},"datePublished":"2025-04-11T22:22:30+00:00","dateModified":"2026-01-16T15:54:03+00:00","breadcrumb":{"@id":"https:\/\/ycat.fr\/#breadcrumb"},"inLanguage":"fr-FR","potentialAction":[{"@type":"ReadAction","target":["https:\/\/ycat.fr\/"]}]},{"@type":"BreadcrumbList","@id":"https:\/\/ycat.fr\/#breadcrumb","itemListElement":[{"@type":"ListItem","position":1,"name":"Home","item":"https:\/\/ycat.fr\/"},{"@type":"ListItem","position":2,"name":"Bienvenue chez Y-CAT"}]},{"@type":"WebSite","@id":"https:\/\/ycat.fr\/#website","url":"https:\/\/ycat.fr\/","name":"Y-CAT","description":"","potentialAction":[{"@type":"SearchAction","target":{"@type":"EntryPoint","urlTemplate":"https:\/\/ycat.fr\/?s={search_term_string}"},"query-input":{"@type":"PropertyValueSpecification","valueRequired":true,"valueName":"search_term_string"}}],"inLanguage":"fr-FR"}]}},"_links":{"self":[{"href":"https:\/\/ycat.fr\/index.php\/wp-json\/wp\/v2\/pages\/664","targetHints":{"allow":["GET"]}}],"collection":[{"href":"https:\/\/ycat.fr\/index.php\/wp-json\/wp\/v2\/pages"}],"about":[{"href":"https:\/\/ycat.fr\/index.php\/wp-json\/wp\/v2\/types\/page"}],"author":[{"embeddable":true,"href":"https:\/\/ycat.fr\/index.php\/wp-json\/wp\/v2\/users\/2"}],"replies":[{"embeddable":true,"href":"https:\/\/ycat.fr\/index.php\/wp-json\/wp\/v2\/comments?post=664"}],"version-history":[{"count":0,"href":"https:\/\/ycat.fr\/index.php\/wp-json\/wp\/v2\/pages\/664\/revisions"}],"wp:attachment":[{"href":"https:\/\/ycat.fr\/index.php\/wp-json\/wp\/v2\/media?parent=664"}],"curies":[{"name":"wp","href":"https:\/\/api.w.org\/{rel}","templated":true}]}}